{"id":340,"date":"2022-05-12T06:22:11","date_gmt":"2022-05-12T06:22:11","guid":{"rendered":"https:\/\/www.wachterkriszti.hu\/?page_id=340"},"modified":"2025-06-28T10:15:32","modified_gmt":"2025-06-28T08:15:32","slug":"idopontfoglalasi-szabalyzat","status":"publish","type":"page","link":"https:\/\/www.wachterkriszti.hu\/de\/idopontfoglalasi-szabalyzat\/","title":{"rendered":"Buchungspolitik"},"content":{"rendered":"<div data-elementor-type=\"wp-page\" data-elementor-id=\"340\" class=\"elementor elementor-340\" data-elementor-post-type=\"page\">\n\t\t\t\t\t\t<section class=\"elementor-section elementor-top-section elementor-element elementor-element-e0329a2 elementor-section-boxed elementor-section-height-default elementor-section-height-default\" data-id=\"e0329a2\" data-element_type=\"section\" data-e-type=\"section\" data-settings=\"{&quot;jet_parallax_layout_list&quot;:[]}\">\n\t\t\t\t\t\t<div class=\"elementor-container elementor-column-gap-default\">\n\t\t\t\t\t<div class=\"elementor-column elementor-col-100 elementor-top-column elementor-element elementor-element-798aad6\" data-id=\"798aad6\" data-element_type=\"column\" data-e-type=\"column\">\n\t\t\t<div class=\"elementor-widget-wrap elementor-element-populated\">\n\t\t\t\t\t\t<div class=\"elementor-element elementor-element-bd32448 elementor-widget elementor-widget-heading\" data-id=\"bd32448\" data-element_type=\"widget\" data-e-type=\"widget\" data-widget_type=\"heading.default\">\n\t\t\t\t<div class=\"elementor-widget-container\">\n\t\t\t\t\t<h2 class=\"elementor-heading-title elementor-size-default\">Buchungspolitik<\/h2>\t\t\t\t<\/div>\n\t\t\t\t<\/div>\n\t\t\t\t<div class=\"elementor-element elementor-element-3535617 elementor-widget elementor-widget-text-editor\" data-id=\"3535617\" data-element_type=\"widget\" data-e-type=\"widget\" data-widget_type=\"text-editor.default\">\n\t\t\t\t<div class=\"elementor-widget-container\">\n\t\t\t\t\t\t\t\t\t<p class=\"wnd-align-center\">Wenn Sie einen Termin buchen, beachten Sie bitte die folgenden Informationen.<\/p><p class=\"wnd-align-center\">So buchen Sie einen Termin f\u00fcr ein Make-up-Tattoo <strong>per Telefon<\/strong>, und <strong>Online-Terminbuchung<\/strong> System, oder \u00fcber das <strong>unter<\/strong> durch Ausf\u00fcllen des Formulars auf der Website.\u00a0<strong>F\u00fcr jeden zu t\u00e4towierenden Bereich ist innerhalb von 48 Stunden nach der Terminbuchung eine Buchungsgeb\u00fchr von 15.000.-Ft zu entrichten.<\/strong> Der Betrag ist im Preis des Tattoos enthalten! (zu zahlen per Bank\u00fcberweisung gegen elektronische Rechnung oder pers\u00f6nlich)<\/p><p class=\"wnd-align-center\"><strong>Wenn der Gast nicht zur gebuchten Zeit erscheint<\/strong>, keine rechtzeitige Stornierung oder \u00c4nderung des Termins vorgenommen wurde,\u00a0<strong>In diesem Fall geht die Kaution verloren.<\/strong>.<\/p><p class=\"wnd-align-center\">Von <strong>Datum<\/strong> unentgeltlich <strong>\u00e4ndern.<\/strong>, Eine Stornierung ist bis zu 48 Stunden vor dem gebuchten Termin m\u00f6glich. Im Falle einer Stornierung wird die Buchungsgeb\u00fchr zur\u00fcckerstattet, wenn die Stornierung mindestens 48 Stunden vor dem Termin erfolgt. Es ist m\u00f6glich, den Termin 1x zu \u00e4ndern, der neue Termin ist innerhalb von 4 Monaten ab dem verschobenen Termin g\u00fcltig. Im Falle einer erneuten \u00c4nderung und nach Ablauf von 4 Monaten verf\u00e4llt die Buchungsgeb\u00fchr.<\/p><p>Wenn die T\u00e4towierung nicht zu dem f\u00fcr das Make-up-Tattoo gebuchten Zeitpunkt stattfindet, wird eine Bereitschaftsgeb\u00fchr in H\u00f6he von 20.000,- Ft vom Gast verlangt.<\/p><p class=\"wnd-align-center\"><b>Datum der Berichtigung <\/b>Innerhalb von 24 Stunden<b> R\u00fccktritt<\/b> oder zum vereinbarten Datum und Zeitpunkt, oder<b> kein Auftritt <\/b>die Berichtigung kann nur gegen Zahlung von 20.000,-\/30.000,-(lip)Ft f\u00fcr einen neuen Termin in Anspruch genommen werden!<\/p><p class=\"wnd-align-center\"><strong>Ich bin ein kleiner Steuerzahler<\/strong>, Gem\u00e4\u00df den Bestimmungen des Gesetzes XIII von 2022, das am 01.09.2022 in Kraft tritt, kann ich nur Einzelpersonen bedienen.\u00a0<\/p><p class=\"wnd-align-center\">Das Rechtsverh\u00e4ltnis zwischen dem Gast und Krisztina W\u00e4chter sminktetov\u00e1l\u00f3 wird durch die Zahlung der Terminbuchungsgeb\u00fchr f\u00fcr die Buchung des Behandlungstermins und die Unterzeichnung der Einverst\u00e4ndniserkl\u00e4rung am Tag der Behandlung begr\u00fcndet. Die Zahlung der Anzahlung ist durch den Kunden bis zum angegebenen Termin f\u00e4llig, im Falle der Nichtzahlung bis zum Termin ist W\u00e4chter Krisztina sminktetov\u00e1l\u00f3 berechtigt, den Termin zu stornieren.\u00a0<\/p><p class=\"wnd-align-center\">Sollte die Visagistin Krisztina W\u00e4chter aus unvorhergesehenen Gr\u00fcnden an der Aus\u00fcbung ihrer T\u00e4tigkeit gehindert sein oder ihre G\u00e4ste aus anderen unvermeidbaren und unerwarteten Gr\u00fcnden nicht zur gebuchten Zeit empfangen k\u00f6nnen, wird sie den\/die betroffenen Gast\/e stets benachrichtigen. Diese Benachrichtigung erfolgt per E-Mail oder Telefon und es wird ein neuer Termin vereinbart.<\/p><p>Sollte der Dienst aus Gr\u00fcnden scheitern, die keine der beiden Parteien zu vertreten hat oder die beide Parteien zu vertreten haben, wird die Kaution zur\u00fcckerstattet.<\/p><p class=\"wnd-align-center\">Mit der Zahlung der Anzahlung bringt der Gast zum Ausdruck, dass er diese Informationen vollst\u00e4ndig verstanden hat, den Inhalt dieser Informationen als verbindlich anerkennt und keine Schadensersatzanspr\u00fcche gegen Krisztina W\u00e4chter make-up tattoo artist gem\u00e4\u00df dieser Informationen hat.\u00a0<\/p>\t\t\t\t\t\t\t\t<\/div>\n\t\t\t\t<\/div>\n\t\t\t\t\t<\/div>\n\t\t<\/div>\n\t\t\t\t\t<\/div>\n\t\t<\/section>\n\t\t\t\t<\/div>","protected":false},"excerpt":{"rendered":"<p>Id\u0151pontfoglal\u00e1si szab\u00e1lyzat Id\u0151pontfoglal\u00e1ssal kapcsolatban, az al\u00e1bbi tudnival\u00f3kat mindenk\u00e9ppen \u00e9rdemes figyelembe venni. Sminktetov\u00e1l\u00e1sra id\u0151pont el\u0151jegyz\u00e9s\u00e9re telefonon, \u00e9s online id\u0151pontfoglal\u00f3 rendszeren kereszt\u00fcl, vagy a honlapon tal\u00e1lhat\u00f3 \u0171rlap kit\u00f6lt\u00e9s\u00e9vel van lehet\u0151s\u00e9g.\u00a0Az id\u0151pont foglal\u00e1sa ut\u00e1n 48 \u00f3r\u00e1n bel\u00fcl tetov\u00e1land\u00f3 ter\u00fcletenk\u00e9nt 15.000.-Ft id\u0151pontfoglal\u00f3 d\u00edj fizet\u00e9se sz\u00fcks\u00e9ges. Az \u00f6sszeg a tetov\u00e1l\u00e1skor az \u00e1rba besz\u00e1m\u00edt\u00e1sra ker\u00fcl! (elektronikus sz\u00e1mla ellen\u00e9ben utal\u00e1ssal vagy szem\u00e9lyesen [&hellip;]<\/p>\n","protected":false},"author":2,"featured_media":0,"parent":0,"menu_order":0,"comment_status":"closed","ping_status":"closed","template":"elementor_header_footer","meta":{"footnotes":""},"class_list":["post-340","page","type-page","status-publish","hentry"],"yoast_head":"<!-- This site is optimized with the Yoast SEO Premium plugin v27.4 (Yoast SEO v27.4) - https:\/\/yoast.com\/product\/yoast-seo-premium-wordpress\/ -->\n<title>Id\u0151pontfoglal\u00e1si szab\u00e1lyzat - W\u00e4chter Krisztina - sminktetov\u00e1l\u00f3<\/title>\n<meta name=\"robots\" content=\"index, follow, max-snippet:-1, max-image-preview:large, max-video-preview:-1\" \/>\n<link rel=\"canonical\" href=\"https:\/\/www.wachterkriszti.hu\/de\/idopontfoglalasi-szabalyzat\/\" \/>\n<meta property=\"og:locale\" content=\"de_DE\" \/>\n<meta property=\"og:type\" content=\"article\" \/>\n<meta property=\"og:title\" content=\"Id\u0151pontfoglal\u00e1si szab\u00e1lyzat\" \/>\n<meta property=\"og:description\" content=\"Id\u0151pontfoglal\u00e1si szab\u00e1lyzat Id\u0151pontfoglal\u00e1ssal kapcsolatban, az al\u00e1bbi tudnival\u00f3kat mindenk\u00e9ppen \u00e9rdemes figyelembe venni. Sminktetov\u00e1l\u00e1sra id\u0151pont el\u0151jegyz\u00e9s\u00e9re telefonon, \u00e9s online id\u0151pontfoglal\u00f3 rendszeren kereszt\u00fcl, vagy a honlapon tal\u00e1lhat\u00f3 \u0171rlap kit\u00f6lt\u00e9s\u00e9vel van lehet\u0151s\u00e9g.\u00a0Az id\u0151pont foglal\u00e1sa ut\u00e1n 48 \u00f3r\u00e1n bel\u00fcl tetov\u00e1land\u00f3 ter\u00fcletenk\u00e9nt 15.000.-Ft id\u0151pontfoglal\u00f3 d\u00edj fizet\u00e9se sz\u00fcks\u00e9ges. Az \u00f6sszeg a tetov\u00e1l\u00e1skor az \u00e1rba besz\u00e1m\u00edt\u00e1sra ker\u00fcl! (elektronikus sz\u00e1mla ellen\u00e9ben utal\u00e1ssal vagy szem\u00e9lyesen [&hellip;]\" \/>\n<meta property=\"og:url\" content=\"https:\/\/www.wachterkriszti.hu\/de\/idopontfoglalasi-szabalyzat\/\" \/>\n<meta property=\"og:site_name\" content=\"W\u00e4chter Krisztina - sminktetov\u00e1l\u00f3\" \/>\n<meta property=\"article:modified_time\" content=\"2025-06-28T08:15:32+00:00\" \/>\n<meta name=\"twitter:card\" content=\"summary_large_image\" \/>\n<meta name=\"twitter:label1\" content=\"Gesch\u00e4tzte Lesezeit\" \/>\n\t<meta name=\"twitter:data1\" content=\"2\u00a0Minuten\" \/>\n<script type=\"application\/ld+json\" class=\"yoast-schema-graph\">{\"@context\":\"https:\\\/\\\/schema.org\",\"@graph\":[{\"@type\":\"WebPage\",\"@id\":\"https:\\\/\\\/www.wachterkriszti.hu\\\/idopontfoglalasi-szabalyzat\\\/\",\"url\":\"https:\\\/\\\/www.wachterkriszti.hu\\\/idopontfoglalasi-szabalyzat\\\/\",\"name\":\"Id\u0151pontfoglal\u00e1si szab\u00e1lyzat - W\u00e4chter Krisztina - sminktetov\u00e1l\u00f3\",\"isPartOf\":{\"@id\":\"https:\\\/\\\/www.wachterkriszti.hu\\\/#website\"},\"datePublished\":\"2022-05-12T06:22:11+00:00\",\"dateModified\":\"2025-06-28T08:15:32+00:00\",\"breadcrumb\":{\"@id\":\"https:\\\/\\\/www.wachterkriszti.hu\\\/idopontfoglalasi-szabalyzat\\\/#breadcrumb\"},\"inLanguage\":\"de\",\"potentialAction\":[{\"@type\":\"ReadAction\",\"target\":[\"https:\\\/\\\/www.wachterkriszti.hu\\\/idopontfoglalasi-szabalyzat\\\/\"]}]},{\"@type\":\"BreadcrumbList\",\"@id\":\"https:\\\/\\\/www.wachterkriszti.hu\\\/idopontfoglalasi-szabalyzat\\\/#breadcrumb\",\"itemListElement\":[{\"@type\":\"ListItem\",\"position\":1,\"name\":\"Home\",\"item\":\"https:\\\/\\\/www.wachterkriszti.hu\\\/\"},{\"@type\":\"ListItem\",\"position\":2,\"name\":\"Id\u0151pontfoglal\u00e1si szab\u00e1lyzat\"}]},{\"@type\":\"WebSite\",\"@id\":\"https:\\\/\\\/www.wachterkriszti.hu\\\/#website\",\"url\":\"https:\\\/\\\/www.wachterkriszti.hu\\\/\",\"name\":\"W\u00e4chter Krisztina - sminktetov\u00e1l\u00f3\",\"description\":\"Professzion\u00e1lis sminktetov\u00e1l\u00e1s K\u0151szegen, okleveles sminktetov\u00e1l\u00f3t\u00f3l\",\"publisher\":{\"@id\":\"https:\\\/\\\/www.wachterkriszti.hu\\\/#\\\/schema\\\/person\\\/d94e72fdc9219942194ff84cc7ca2b96\"},\"alternateName\":\"Sminktetov\u00e1l\u00e1s K\u0151szeg\",\"potentialAction\":[{\"@type\":\"SearchAction\",\"target\":{\"@type\":\"EntryPoint\",\"urlTemplate\":\"https:\\\/\\\/www.wachterkriszti.hu\\\/?s={search_term_string}\"},\"query-input\":{\"@type\":\"PropertyValueSpecification\",\"valueRequired\":true,\"valueName\":\"search_term_string\"}}],\"inLanguage\":\"de\"},{\"@type\":[\"Person\",\"Organization\"],\"@id\":\"https:\\\/\\\/www.wachterkriszti.hu\\\/#\\\/schema\\\/person\\\/d94e72fdc9219942194ff84cc7ca2b96\",\"name\":\"W\u00e4chter Krisztina\",\"image\":{\"@type\":\"ImageObject\",\"inLanguage\":\"de\",\"@id\":\"https:\\\/\\\/www.wachterkriszti.hu\\\/wp-content\\\/uploads\\\/2022\\\/05\\\/cropped-cropped-logo_fekvo_1.png\",\"url\":\"https:\\\/\\\/www.wachterkriszti.hu\\\/wp-content\\\/uploads\\\/2022\\\/05\\\/cropped-cropped-logo_fekvo_1.png\",\"contentUrl\":\"https:\\\/\\\/www.wachterkriszti.hu\\\/wp-content\\\/uploads\\\/2022\\\/05\\\/cropped-cropped-logo_fekvo_1.png\",\"width\":512,\"height\":512,\"caption\":\"W\u00e4chter Krisztina\"},\"logo\":{\"@id\":\"https:\\\/\\\/www.wachterkriszti.hu\\\/wp-content\\\/uploads\\\/2022\\\/05\\\/cropped-cropped-logo_fekvo_1.png\"}}]}<\/script>\n<!-- \/ Yoast SEO Premium plugin. -->","yoast_head_json":{"title":"Id\u0151pontfoglal\u00e1si szab\u00e1lyzat - W\u00e4chter Krisztina - sminktetov\u00e1l\u00f3","robots":{"index":"index","follow":"follow","max-snippet":"max-snippet:-1","max-image-preview":"max-image-preview:large","max-video-preview":"max-video-preview:-1"},"canonical":"https:\/\/www.wachterkriszti.hu\/de\/idopontfoglalasi-szabalyzat\/","og_locale":"de_DE","og_type":"article","og_title":"Id\u0151pontfoglal\u00e1si szab\u00e1lyzat","og_description":"Id\u0151pontfoglal\u00e1si szab\u00e1lyzat Id\u0151pontfoglal\u00e1ssal kapcsolatban, az al\u00e1bbi tudnival\u00f3kat mindenk\u00e9ppen \u00e9rdemes figyelembe venni. Sminktetov\u00e1l\u00e1sra id\u0151pont el\u0151jegyz\u00e9s\u00e9re telefonon, \u00e9s online id\u0151pontfoglal\u00f3 rendszeren kereszt\u00fcl, vagy a honlapon tal\u00e1lhat\u00f3 \u0171rlap kit\u00f6lt\u00e9s\u00e9vel van lehet\u0151s\u00e9g.\u00a0Az id\u0151pont foglal\u00e1sa ut\u00e1n 48 \u00f3r\u00e1n bel\u00fcl tetov\u00e1land\u00f3 ter\u00fcletenk\u00e9nt 15.000.-Ft id\u0151pontfoglal\u00f3 d\u00edj fizet\u00e9se sz\u00fcks\u00e9ges. Az \u00f6sszeg a tetov\u00e1l\u00e1skor az \u00e1rba besz\u00e1m\u00edt\u00e1sra ker\u00fcl! (elektronikus sz\u00e1mla ellen\u00e9ben utal\u00e1ssal vagy szem\u00e9lyesen [&hellip;]","og_url":"https:\/\/www.wachterkriszti.hu\/de\/idopontfoglalasi-szabalyzat\/","og_site_name":"W\u00e4chter Krisztina - sminktetov\u00e1l\u00f3","article_modified_time":"2025-06-28T08:15:32+00:00","twitter_card":"summary_large_image","twitter_misc":{"Gesch\u00e4tzte Lesezeit":"2\u00a0Minuten"},"schema":{"@context":"https:\/\/schema.org","@graph":[{"@type":"WebPage","@id":"https:\/\/www.wachterkriszti.hu\/idopontfoglalasi-szabalyzat\/","url":"https:\/\/www.wachterkriszti.hu\/idopontfoglalasi-szabalyzat\/","name":"Id\u0151pontfoglal\u00e1si szab\u00e1lyzat - W\u00e4chter Krisztina - sminktetov\u00e1l\u00f3","isPartOf":{"@id":"https:\/\/www.wachterkriszti.hu\/#website"},"datePublished":"2022-05-12T06:22:11+00:00","dateModified":"2025-06-28T08:15:32+00:00","breadcrumb":{"@id":"https:\/\/www.wachterkriszti.hu\/idopontfoglalasi-szabalyzat\/#breadcrumb"},"inLanguage":"de","potentialAction":[{"@type":"ReadAction","target":["https:\/\/www.wachterkriszti.hu\/idopontfoglalasi-szabalyzat\/"]}]},{"@type":"BreadcrumbList","@id":"https:\/\/www.wachterkriszti.hu\/idopontfoglalasi-szabalyzat\/#breadcrumb","itemListElement":[{"@type":"ListItem","position":1,"name":"Home","item":"https:\/\/www.wachterkriszti.hu\/"},{"@type":"ListItem","position":2,"name":"Id\u0151pontfoglal\u00e1si szab\u00e1lyzat"}]},{"@type":"WebSite","@id":"https:\/\/www.wachterkriszti.hu\/#website","url":"https:\/\/www.wachterkriszti.hu\/","name":"Krisztina W\u00e4chter - Schminke Tattoo","description":"Professionelles Make-up-Tattoo in K\u0151szeg, von einem zertifizierten Make-up-T\u00e4towierer","publisher":{"@id":"https:\/\/www.wachterkriszti.hu\/#\/schema\/person\/d94e72fdc9219942194ff84cc7ca2b96"},"alternateName":"Sminktetov\u00e1l\u00e1s K\u0151szeg","potentialAction":[{"@type":"SearchAction","target":{"@type":"EntryPoint","urlTemplate":"https:\/\/www.wachterkriszti.hu\/?s={search_term_string}"},"query-input":{"@type":"PropertyValueSpecification","valueRequired":true,"valueName":"search_term_string"}}],"inLanguage":"de"},{"@type":["Person","Organization"],"@id":"https:\/\/www.wachterkriszti.hu\/#\/schema\/person\/d94e72fdc9219942194ff84cc7ca2b96","name":"Krisztina W\u00e4chter","image":{"@type":"ImageObject","inLanguage":"de","@id":"https:\/\/www.wachterkriszti.hu\/wp-content\/uploads\/2022\/05\/cropped-cropped-logo_fekvo_1.png","url":"https:\/\/www.wachterkriszti.hu\/wp-content\/uploads\/2022\/05\/cropped-cropped-logo_fekvo_1.png","contentUrl":"https:\/\/www.wachterkriszti.hu\/wp-content\/uploads\/2022\/05\/cropped-cropped-logo_fekvo_1.png","width":512,"height":512,"caption":"W\u00e4chter Krisztina"},"logo":{"@id":"https:\/\/www.wachterkriszti.hu\/wp-content\/uploads\/2022\/05\/cropped-cropped-logo_fekvo_1.png"}}]}},"_links":{"self":[{"href":"https:\/\/www.wachterkriszti.hu\/de\/wp-json\/wp\/v2\/pages\/340","targetHints":{"allow":["GET"]}}],"collection":[{"href":"https:\/\/www.wachterkriszti.hu\/de\/wp-json\/wp\/v2\/pages"}],"about":[{"href":"https:\/\/www.wachterkriszti.hu\/de\/wp-json\/wp\/v2\/types\/page"}],"author":[{"embeddable":true,"href":"https:\/\/www.wachterkriszti.hu\/de\/wp-json\/wp\/v2\/users\/2"}],"replies":[{"embeddable":true,"href":"https:\/\/www.wachterkriszti.hu\/de\/wp-json\/wp\/v2\/comments?post=340"}],"version-history":[{"count":50,"href":"https:\/\/www.wachterkriszti.hu\/de\/wp-json\/wp\/v2\/pages\/340\/revisions"}],"predecessor-version":[{"id":3016,"href":"https:\/\/www.wachterkriszti.hu\/de\/wp-json\/wp\/v2\/pages\/340\/revisions\/3016"}],"wp:attachment":[{"href":"https:\/\/www.wachterkriszti.hu\/de\/wp-json\/wp\/v2\/media?parent=340"}],"curies":[{"name":"wp","href":"https:\/\/api.w.org\/{rel}","templated":true}]}}