{"id":2459,"date":"2023-05-14T22:09:37","date_gmt":"2023-05-14T20:09:37","guid":{"rendered":"https:\/\/www.wachterkriszti.hu\/?page_id=2459"},"modified":"2024-07-09T19:04:42","modified_gmt":"2024-07-09T17:04:42","slug":"sminktetovalo-szalon-hazirendje","status":"publish","type":"page","link":"https:\/\/www.wachterkriszti.hu\/de\/sminktetovalo-szalon-hazirendje\/","title":{"rendered":"Politik des Salons Sminktetov\u00e1l\u00f3"},"content":{"rendered":"<div data-elementor-type=\"wp-page\" data-elementor-id=\"2459\" class=\"elementor elementor-2459\" data-elementor-post-type=\"page\">\n\t\t\t\t\t\t<section class=\"elementor-section elementor-top-section elementor-element elementor-element-5bf85f0 elementor-section-boxed elementor-section-height-default elementor-section-height-default\" data-id=\"5bf85f0\" data-element_type=\"section\" data-e-type=\"section\" data-settings=\"{&quot;background_background&quot;:&quot;classic&quot;,&quot;jet_parallax_layout_list&quot;:[]}\">\n\t\t\t\t\t\t<div class=\"elementor-container elementor-column-gap-default\">\n\t\t\t\t\t<div class=\"elementor-column elementor-col-100 elementor-top-column elementor-element elementor-element-b1d4e5e\" data-id=\"b1d4e5e\" data-element_type=\"column\" data-e-type=\"column\" data-settings=\"{&quot;background_background&quot;:&quot;classic&quot;}\">\n\t\t\t<div class=\"elementor-widget-wrap elementor-element-populated\">\n\t\t\t\t\t\t<div class=\"elementor-element elementor-element-2327328 elementor-widget elementor-widget-heading\" data-id=\"2327328\" data-element_type=\"widget\" data-e-type=\"widget\" data-widget_type=\"heading.default\">\n\t\t\t\t<div class=\"elementor-widget-container\">\n\t\t\t\t\t<h2 class=\"elementor-heading-title elementor-size-default\">Politik des Salons Sminktetov\u00e1l\u00f3<\/h2>\t\t\t\t<\/div>\n\t\t\t\t<\/div>\n\t\t\t\t\t<\/div>\n\t\t<\/div>\n\t\t\t\t\t<\/div>\n\t\t<\/section>\n\t\t\t\t<section class=\"elementor-section elementor-top-section elementor-element elementor-element-eb44e12 elementor-section-boxed elementor-section-height-default elementor-section-height-default\" data-id=\"eb44e12\" data-element_type=\"section\" data-e-type=\"section\" data-settings=\"{&quot;jet_parallax_layout_list&quot;:[]}\">\n\t\t\t\t\t\t<div class=\"elementor-container elementor-column-gap-default\">\n\t\t\t\t\t<div class=\"elementor-column elementor-col-100 elementor-top-column elementor-element elementor-element-65cb48f\" data-id=\"65cb48f\" data-element_type=\"column\" data-e-type=\"column\">\n\t\t\t<div class=\"elementor-widget-wrap elementor-element-populated\">\n\t\t\t\t\t\t<div class=\"elementor-element elementor-element-be073df elementor-widget elementor-widget-text-editor\" data-id=\"be073df\" data-element_type=\"widget\" data-e-type=\"widget\" data-widget_type=\"text-editor.default\">\n\t\t\t\t<div class=\"elementor-widget-container\">\n\t\t\t\t\t\t\t\t\t<p>Liebe G\u00e4ste!<\/p><p>Die Regeln und Vorschriften wurden in unser aller Interesse aufgestellt, um Missverst\u00e4ndnisse zu vermeiden und um sicherzustellen, dass meine Dienstleistung in einem entspannten und problemlosen Umfeld erbracht werden kann. Die Einhaltung dieser Regeln ist f\u00fcr alle Personen im Gesch\u00e4ft verpflichtend. Mit der Buchung eines Termins und der Inanspruchnahme meiner Dienstleistung akzeptieren alle G\u00e4ste automatisch die Hausordnung. Das Nichtlesen der Hausordnung entbindet Sie nicht von der Einhaltung der Hausordnung.<\/p><ol><li><strong>Ernennung:<\/strong><\/li><\/ol><p>Um den Dienst in Anspruch zu nehmen, m\u00fcssen Sie einen Termin vereinbaren, den Sie werktags zwischen 8:00 und 17:00 Uhr pers\u00f6nlich unter der Telefonnummer +36209658732 oder 24 Stunden am Tag online \u00fcber die Buchungsschnittstelle auf unserer Website vereinbaren k\u00f6nnen. <a href=\"https:\/\/www.wachterkriszti.hu\/de\/\">https:\/\/www.wachterkriszti.hu\/<\/a><\/p><p>F\u00fcr die Buchung eines Termins wird eine Buchungsgeb\u00fchr erhoben, die im Gesamtbetrag der Dienstleistung enthalten ist. Die Zahlung kann pers\u00f6nlich oder per Bank\u00fcberweisung erfolgen.<\/p><ol start=\"2\"><li><strong>Bitte kommen Sie p\u00fcnktlich.<\/strong><\/li><\/ol><p>Um einen reibungslosen Ablauf zu gew\u00e4hrleisten, bitten wir Sie, p\u00fcnktlich zu erscheinen. <strong>zur vereinbarten Zeit<\/strong>, Ich werde den Salon an diesem Tag f\u00fcr Ihren Empfang vorbereiten. Sollte es zu einer Verz\u00f6gerung kommen, geben Sie mir bitte sofort Bescheid, damit ich einen sp\u00e4teren Beginn einplanen kann. Bei einer Verz\u00f6gerung von mehr als 15 Minuten muss ein neuer Termin vereinbart werden. In diesem Fall verf\u00e4llt die Termingeb\u00fchr f\u00fcr die nicht erbrachte Leistung, so dass ich Ihnen den neuen Termin erneut in Rechnung stellen muss.<\/p><ol start=\"3\"><li><strong>Stornierung oder Verschiebung eines gebuchten Termins:<\/strong><\/li><\/ol><ul><li>Wenn die Stornierung mindestens 48 Stunden vor der Leistung erfolgt, kann sie auf Wunsch des Gastes einmalig ge\u00e4ndert oder kostenlos storniert werden (au\u00dfer bei Vorlage eines \u00e4rztlichen Attests). 1 x die M\u00f6glichkeit, das Datum zu \u00e4ndern, das neue Datum ist innerhalb von 4 Monaten ab dem Datum der Verschiebung g\u00fcltig. Im Falle einer erneuten \u00c4nderung und wenn das Datum nach 4 Monaten liegt, geht die Reservierungsgeb\u00fchr verloren.<\/li><li>Wenn der Gast weniger als 48 Stunden vor Beginn des Termins um eine Termin\u00e4nderung bittet oder ohne Vorank\u00fcndigung nicht zur vereinbarten Zeit erscheint, wird eine Verf\u00fcgbarkeitsgeb\u00fchr berechnet, da ich den betreffenden Termin f\u00fcr den Gast reserviert habe und es wenig Chancen gibt, dass ich ihn kurzfristig f\u00fcr einen anderen Gast nutzen kann. Die Bereitstellungsgeb\u00fchr betr\u00e4gt 50% des Wertes der gebuchten Leistung. Wenn der Gast den Termin nicht storniert hat, kann ein neuer Termin nur gebucht werden, wenn die Bereitschaftsgeb\u00fchr und die Servicegeb\u00fchr im Voraus bezahlt werden, was pers\u00f6nlich oder per \u00dcberweisung erfolgen kann. Wird die Stand-by-Geb\u00fchr nicht bezahlt, kann meine Dienstleistung nicht in Anspruch genommen werden.<\/li><li>Stornierungen und \u00c4nderungen von gebuchten Terminen k\u00f6nnen telefonisch, per E-Mail, SMS oder online vorgenommen werden, sofern sie innerhalb von 48 Stunden erfolgen.<\/li><\/ul><p><em>Im Falle einer pl\u00f6tzlichen Absage wegen Krankheit<\/em> Ich verzichte einmal im Jahr auf den Aufpreis.<\/p><ol start=\"4\"><li><strong>Im Krankheitsfall ist ein neuer Termin erforderlich!<\/strong><\/li><\/ol><p>Der Service steht nur G\u00e4sten in einwandfreiem Gesundheitszustand zur Verf\u00fcgung. Bitte fragen Sie auch nach einem neuen Termin, wenn Sie eine Erkrankung der oberen Atemwege haben. Bei aktivem Herpes, Fieber, muss das Immunsystem wieder aufgeladen werden und ich werde die Dienstleistung in diesem Fall nicht vorbereiten! Im Krankheitsfall rufen Sie mich bitte an und ich werde versuchen, den Termin so flexibel wie m\u00f6glich in Ihre zu erwartende Genesungszeit zu verlegen. Ich bitte alle um gegenseitige R\u00fccksichtnahme, ich kann keine G\u00e4ste empfangen, wenn sie krank sind.<\/p><ol start=\"5\"><li><strong>Erkl\u00e4rung:<\/strong><\/li><\/ol><p>Die Dienstleistungen des Salons k\u00f6nnen nur in Anspruch genommen werden, wenn die Einverst\u00e4ndniserkl\u00e4rung f\u00fcr die Dienstleistung ausgef\u00fcllt und unterschrieben wurde.<\/p><ol start=\"6\"><li><strong>Ordnung und Sauberkeit:<\/strong><\/li><\/ol><p>W\u00e4hrend Ihres Aufenthaltes in meinem Salon bitten wir Sie, Ihr Telefon nicht zu benutzen, sondern es auf lautlos zu stellen, damit Sie nicht von der Arbeit abgelenkt werden und eine angenehme, entspannende Erfahrung Ihrer Sch\u00f6nheitssitzung, Ihrer \u201eMe Time\u201d mit mir, machen k\u00f6nnen.<\/p><p>\u00a0Alle G\u00e4ste sind verpflichtet, den Salonbereich ordentlich und sauber zu halten, und Hausschuhe sind obligatorisch und im Gesch\u00e4ft erh\u00e4ltlich. Die Benutzung der Toiletten ist den G\u00e4sten gestattet.<\/p><ol start=\"7\"><li><strong>Betreuerin, Kind im Salon:<\/strong><\/li><\/ol><p>Der Salon ist nicht daf\u00fcr ausgestattet, Kinder zu empfangen und zu beaufsichtigen, um den Seelenfrieden des Gastes und die reibungslose Vorbereitung der Dienstleistung zu gew\u00e4hrleisten. Bitte ber\u00fccksichtigen Sie dies und sorgen Sie f\u00fcr eine Beaufsichtigung Ihres Kindes au\u00dferhalb des Salons f\u00fcr die Dauer des Aufenthalts. Wir danken Ihnen f\u00fcr Ihr Verst\u00e4ndnis!<\/p><p>Wenn Sie aus der Ferne anreisen und auf eine erwachsene Begleitperson bestehen, kann diese ruhig und ohne die Arbeit zu st\u00f6ren im Wartebereich warten. Die Begleitperson muss au\u00dferdem gesund sein und sollte nicht krank anreisen.\u00a0<\/p><ol start=\"8\"><li><strong>Bitte bringen Sie Ihr kleines Haustier nicht mit!<\/strong><\/li><\/ol><p>Haustiere sind im Friseursalon nicht erlaubt! Auch die Hygiene ist bei meiner Arbeit sehr wichtig und wird durch die \u00c1NTSZ-Vorschriften oder andere Gesundheitsvorschriften nicht zugelassen.<\/p><ol start=\"9\"><li><strong>Rauchen verboten!<\/strong><\/li><\/ol><p>Im Salon und im Umkreis von 5 Metern um den Salon ist das Rauchen verboten!<\/p><ol start=\"10\"><li><strong>Geschenkgutschein:<\/strong><\/li><\/ol><p>Die Dienstleistungen des Salons sind auch in Form von Geschenkgutscheinen erh\u00e4ltlich, die Sie pers\u00f6nlich oder online in einem beliebigen Wert Ihrer Wahl erwerben und per \u00dcberweisung oder Kreditkarte bezahlen k\u00f6nnen. G\u00fcltig f\u00fcr ein Jahr ab Kaufdatum. Der Gutschein ist nicht erstattungsf\u00e4hig und kann nicht in Bargeld umgetauscht werden.<\/p><ol start=\"11\"><li><strong>Bezahlung:<\/strong><\/li><\/ol><p>Bitte beachten Sie, dass die Dienstleistung sofort zahlbar ist, kein Kredit m\u00f6glich ist und die Preise nicht verhandelbar sind! Die Preise sind in HUF brutto und enthalten die Mehrwertsteuer 0% aufgrund der Mehrwertsteuerbefreiung k\u00f6nnen nur Privatpersonen bedient werden. Die Bezahlung mit Kreditkarte ist im Salon m\u00f6glich. Die Preise k\u00f6nnen ohne Vorank\u00fcndigung ge\u00e4ndert werden. Im Salon verwendete Zahlungsmittel: HUF, EUR<\/p><ol start=\"12\"><li><strong>Bei vors\u00e4tzlicher oder fahrl\u00e4ssiger Besch\u00e4digung der Einrichtung des Salons ist der Verursacher oder sein gesetzlicher Vertreter schadensersatzpflichtig.<\/strong> Jede T\u00e4tigkeit, die illegal ist, gegen die Moral oder die \u00f6ffentlichen Sitten verst\u00f6\u00dft oder geeignet ist, die \u00d6ffentlichkeit zu ver\u00e4ngstigen oder zu beleidigen, ist im gesamten Salon verboten. Der Gast muss die W\u00fcrde und die Pers\u00f6nlichkeitsrechte des Salonpersonals respektieren.<\/li><\/ol><p>Die G\u00e4ste d\u00fcrfen ihre Sachen und Wertgegenst\u00e4nde nur auf eigene Gefahr in den Salon mitbringen. Ich \u00fcbernehme keine Verantwortung f\u00fcr die Aufbewahrung von mitgebrachten Gegenst\u00e4nden und deren Besch\u00e4digung.<\/p><ol start=\"13\"><li><strong>Diese Regeln k\u00f6nnen vom Salonbetreiber jederzeit einseitig und unverz\u00fcglich ge\u00e4ndert werden.<\/strong><\/li><\/ol><p>Lasst uns einander respektieren und ehren! Ich w\u00fcnsche Ihnen allen einen angenehmen und erholsamen Urlaub!<\/p><p>Mit freundlichen Gr\u00fc\u00dfen:<\/p><p>Krisztina W\u00e4chter, Friseurin<\/p><p>Kommentare, Anregungen zum <a href=\"mailto:ino@wachterkriszti.hu\">info@wachterkriszti.hu<\/a> Ich freue mich auf Ihre Nachricht.\u00a0<\/p>\t\t\t\t\t\t\t\t<\/div>\n\t\t\t\t<\/div>\n\t\t\t\t\t<\/div>\n\t\t<\/div>\n\t\t\t\t\t<\/div>\n\t\t<\/section>\n\t\t\t\t<\/div>","protected":false},"excerpt":{"rendered":"<p>Kedves Vend\u00e9gek! A h\u00e1zirend, szalonetikett mindannyiunk \u00e9rdek\u00e9ben k\u00e9sz\u00fclt, az esetleges f\u00e9lre\u00e9rt\u00e9sek elker\u00fcl\u00e9se \u00e9rdek\u00e9ben, \u00e9s hogy a szolg\u00e1ltat\u00e1som elk\u00e9sz\u00edt\u00e9se nyugodt k\u00f6r\u00fclm\u00e9nyek k\u00f6z\u00f6tt, probl\u00e9mamentesen t\u00f6rt\u00e9njen. A h\u00e1zirend betart\u00e1sa minden az \u00fczletben tart\u00f3zkod\u00f3 szem\u00e9lyre n\u00e9zve k\u00f6telez\u0151. Az id\u0151pont lefoglal\u00e1s\u00e1val, a szolg\u00e1ltat\u00e1som ig\u00e9nybev\u00e9tel\u00e9vel minden vend\u00e9g automatikusan elfogadja a h\u00e1zirendet. A h\u00e1zirend el nem olvas\u00e1sa nem mentes\u00edt annak betart\u00e1sa al\u00f3l. [&hellip;]<\/p>\n","protected":false},"author":2,"featured_media":0,"parent":0,"menu_order":0,"comment_status":"closed","ping_status":"closed","template":"elementor_header_footer","meta":{"footnotes":""},"class_list":["post-2459","page","type-page","status-publish","hentry"],"yoast_head":"<!-- This site is optimized with the Yoast SEO Premium plugin v27.4 (Yoast SEO v27.4) - https:\/\/yoast.com\/product\/yoast-seo-premium-wordpress\/ -->\n<title>Sminktetov\u00e1l\u00f3 Szalon h\u00e1zirendje - W\u00e4chter Krisztina - sminktetov\u00e1l\u00f3<\/title>\n<meta name=\"robots\" content=\"index, follow, max-snippet:-1, max-image-preview:large, max-video-preview:-1\" \/>\n<link rel=\"canonical\" href=\"https:\/\/www.wachterkriszti.hu\/de\/sminktetovalo-szalon-hazirendje\/\" \/>\n<meta property=\"og:locale\" content=\"de_DE\" \/>\n<meta property=\"og:type\" content=\"article\" \/>\n<meta property=\"og:title\" content=\"Sminktetov\u00e1l\u00f3 Szalon h\u00e1zirendje\" \/>\n<meta property=\"og:description\" content=\"Kedves Vend\u00e9gek! A h\u00e1zirend, szalonetikett mindannyiunk \u00e9rdek\u00e9ben k\u00e9sz\u00fclt, az esetleges f\u00e9lre\u00e9rt\u00e9sek elker\u00fcl\u00e9se \u00e9rdek\u00e9ben, \u00e9s hogy a szolg\u00e1ltat\u00e1som elk\u00e9sz\u00edt\u00e9se nyugodt k\u00f6r\u00fclm\u00e9nyek k\u00f6z\u00f6tt, probl\u00e9mamentesen t\u00f6rt\u00e9njen. A h\u00e1zirend betart\u00e1sa minden az \u00fczletben tart\u00f3zkod\u00f3 szem\u00e9lyre n\u00e9zve k\u00f6telez\u0151. Az id\u0151pont lefoglal\u00e1s\u00e1val, a szolg\u00e1ltat\u00e1som ig\u00e9nybev\u00e9tel\u00e9vel minden vend\u00e9g automatikusan elfogadja a h\u00e1zirendet. A h\u00e1zirend el nem olvas\u00e1sa nem mentes\u00edt annak betart\u00e1sa al\u00f3l. [&hellip;]\" \/>\n<meta property=\"og:url\" content=\"https:\/\/www.wachterkriszti.hu\/de\/sminktetovalo-szalon-hazirendje\/\" \/>\n<meta property=\"og:site_name\" content=\"W\u00e4chter Krisztina - sminktetov\u00e1l\u00f3\" \/>\n<meta property=\"article:modified_time\" content=\"2024-07-09T17:04:42+00:00\" \/>\n<meta name=\"twitter:card\" content=\"summary_large_image\" \/>\n<meta name=\"twitter:label1\" content=\"Gesch\u00e4tzte Lesezeit\" \/>\n\t<meta name=\"twitter:data1\" content=\"5\u00a0Minuten\" \/>\n<script type=\"application\/ld+json\" class=\"yoast-schema-graph\">{\"@context\":\"https:\\\/\\\/schema.org\",\"@graph\":[{\"@type\":\"WebPage\",\"@id\":\"https:\\\/\\\/www.wachterkriszti.hu\\\/sminktetovalo-szalon-hazirendje\\\/\",\"url\":\"https:\\\/\\\/www.wachterkriszti.hu\\\/sminktetovalo-szalon-hazirendje\\\/\",\"name\":\"Sminktetov\u00e1l\u00f3 Szalon h\u00e1zirendje - W\u00e4chter Krisztina - sminktetov\u00e1l\u00f3\",\"isPartOf\":{\"@id\":\"https:\\\/\\\/www.wachterkriszti.hu\\\/#website\"},\"datePublished\":\"2023-05-14T20:09:37+00:00\",\"dateModified\":\"2024-07-09T17:04:42+00:00\",\"breadcrumb\":{\"@id\":\"https:\\\/\\\/www.wachterkriszti.hu\\\/sminktetovalo-szalon-hazirendje\\\/#breadcrumb\"},\"inLanguage\":\"de\",\"potentialAction\":[{\"@type\":\"ReadAction\",\"target\":[\"https:\\\/\\\/www.wachterkriszti.hu\\\/sminktetovalo-szalon-hazirendje\\\/\"]}]},{\"@type\":\"BreadcrumbList\",\"@id\":\"https:\\\/\\\/www.wachterkriszti.hu\\\/sminktetovalo-szalon-hazirendje\\\/#breadcrumb\",\"itemListElement\":[{\"@type\":\"ListItem\",\"position\":1,\"name\":\"Home\",\"item\":\"https:\\\/\\\/www.wachterkriszti.hu\\\/\"},{\"@type\":\"ListItem\",\"position\":2,\"name\":\"Sminktetov\u00e1l\u00f3 Szalon h\u00e1zirendje\"}]},{\"@type\":\"WebSite\",\"@id\":\"https:\\\/\\\/www.wachterkriszti.hu\\\/#website\",\"url\":\"https:\\\/\\\/www.wachterkriszti.hu\\\/\",\"name\":\"W\u00e4chter Krisztina - sminktetov\u00e1l\u00f3\",\"description\":\"Professzion\u00e1lis sminktetov\u00e1l\u00e1s K\u0151szegen, okleveles sminktetov\u00e1l\u00f3t\u00f3l\",\"publisher\":{\"@id\":\"https:\\\/\\\/www.wachterkriszti.hu\\\/#\\\/schema\\\/person\\\/d94e72fdc9219942194ff84cc7ca2b96\"},\"alternateName\":\"Sminktetov\u00e1l\u00e1s K\u0151szeg\",\"potentialAction\":[{\"@type\":\"SearchAction\",\"target\":{\"@type\":\"EntryPoint\",\"urlTemplate\":\"https:\\\/\\\/www.wachterkriszti.hu\\\/?s={search_term_string}\"},\"query-input\":{\"@type\":\"PropertyValueSpecification\",\"valueRequired\":true,\"valueName\":\"search_term_string\"}}],\"inLanguage\":\"de\"},{\"@type\":[\"Person\",\"Organization\"],\"@id\":\"https:\\\/\\\/www.wachterkriszti.hu\\\/#\\\/schema\\\/person\\\/d94e72fdc9219942194ff84cc7ca2b96\",\"name\":\"W\u00e4chter Krisztina\",\"image\":{\"@type\":\"ImageObject\",\"inLanguage\":\"de\",\"@id\":\"https:\\\/\\\/www.wachterkriszti.hu\\\/wp-content\\\/uploads\\\/2022\\\/05\\\/cropped-cropped-logo_fekvo_1.png\",\"url\":\"https:\\\/\\\/www.wachterkriszti.hu\\\/wp-content\\\/uploads\\\/2022\\\/05\\\/cropped-cropped-logo_fekvo_1.png\",\"contentUrl\":\"https:\\\/\\\/www.wachterkriszti.hu\\\/wp-content\\\/uploads\\\/2022\\\/05\\\/cropped-cropped-logo_fekvo_1.png\",\"width\":512,\"height\":512,\"caption\":\"W\u00e4chter Krisztina\"},\"logo\":{\"@id\":\"https:\\\/\\\/www.wachterkriszti.hu\\\/wp-content\\\/uploads\\\/2022\\\/05\\\/cropped-cropped-logo_fekvo_1.png\"}}]}<\/script>\n<!-- \/ Yoast SEO Premium plugin. -->","yoast_head_json":{"title":"Sminktetov\u00e1l\u00f3 Szalon h\u00e1zirendje - W\u00e4chter Krisztina - sminktetov\u00e1l\u00f3","robots":{"index":"index","follow":"follow","max-snippet":"max-snippet:-1","max-image-preview":"max-image-preview:large","max-video-preview":"max-video-preview:-1"},"canonical":"https:\/\/www.wachterkriszti.hu\/de\/sminktetovalo-szalon-hazirendje\/","og_locale":"de_DE","og_type":"article","og_title":"Sminktetov\u00e1l\u00f3 Szalon h\u00e1zirendje","og_description":"Kedves Vend\u00e9gek! A h\u00e1zirend, szalonetikett mindannyiunk \u00e9rdek\u00e9ben k\u00e9sz\u00fclt, az esetleges f\u00e9lre\u00e9rt\u00e9sek elker\u00fcl\u00e9se \u00e9rdek\u00e9ben, \u00e9s hogy a szolg\u00e1ltat\u00e1som elk\u00e9sz\u00edt\u00e9se nyugodt k\u00f6r\u00fclm\u00e9nyek k\u00f6z\u00f6tt, probl\u00e9mamentesen t\u00f6rt\u00e9njen. A h\u00e1zirend betart\u00e1sa minden az \u00fczletben tart\u00f3zkod\u00f3 szem\u00e9lyre n\u00e9zve k\u00f6telez\u0151. Az id\u0151pont lefoglal\u00e1s\u00e1val, a szolg\u00e1ltat\u00e1som ig\u00e9nybev\u00e9tel\u00e9vel minden vend\u00e9g automatikusan elfogadja a h\u00e1zirendet. A h\u00e1zirend el nem olvas\u00e1sa nem mentes\u00edt annak betart\u00e1sa al\u00f3l. [&hellip;]","og_url":"https:\/\/www.wachterkriszti.hu\/de\/sminktetovalo-szalon-hazirendje\/","og_site_name":"W\u00e4chter Krisztina - sminktetov\u00e1l\u00f3","article_modified_time":"2024-07-09T17:04:42+00:00","twitter_card":"summary_large_image","twitter_misc":{"Gesch\u00e4tzte Lesezeit":"5\u00a0Minuten"},"schema":{"@context":"https:\/\/schema.org","@graph":[{"@type":"WebPage","@id":"https:\/\/www.wachterkriszti.hu\/sminktetovalo-szalon-hazirendje\/","url":"https:\/\/www.wachterkriszti.hu\/sminktetovalo-szalon-hazirendje\/","name":"Sminktetov\u00e1l\u00f3 Szalon h\u00e1zirendje - W\u00e4chter Krisztina - sminktetov\u00e1l\u00f3","isPartOf":{"@id":"https:\/\/www.wachterkriszti.hu\/#website"},"datePublished":"2023-05-14T20:09:37+00:00","dateModified":"2024-07-09T17:04:42+00:00","breadcrumb":{"@id":"https:\/\/www.wachterkriszti.hu\/sminktetovalo-szalon-hazirendje\/#breadcrumb"},"inLanguage":"de","potentialAction":[{"@type":"ReadAction","target":["https:\/\/www.wachterkriszti.hu\/sminktetovalo-szalon-hazirendje\/"]}]},{"@type":"BreadcrumbList","@id":"https:\/\/www.wachterkriszti.hu\/sminktetovalo-szalon-hazirendje\/#breadcrumb","itemListElement":[{"@type":"ListItem","position":1,"name":"Home","item":"https:\/\/www.wachterkriszti.hu\/"},{"@type":"ListItem","position":2,"name":"Sminktetov\u00e1l\u00f3 Szalon h\u00e1zirendje"}]},{"@type":"WebSite","@id":"https:\/\/www.wachterkriszti.hu\/#website","url":"https:\/\/www.wachterkriszti.hu\/","name":"Krisztina W\u00e4chter - Schminke Tattoo","description":"Professionelles Make-up-Tattoo in K\u0151szeg, von einem zertifizierten Make-up-T\u00e4towierer","publisher":{"@id":"https:\/\/www.wachterkriszti.hu\/#\/schema\/person\/d94e72fdc9219942194ff84cc7ca2b96"},"alternateName":"Sminktetov\u00e1l\u00e1s K\u0151szeg","potentialAction":[{"@type":"SearchAction","target":{"@type":"EntryPoint","urlTemplate":"https:\/\/www.wachterkriszti.hu\/?s={search_term_string}"},"query-input":{"@type":"PropertyValueSpecification","valueRequired":true,"valueName":"search_term_string"}}],"inLanguage":"de"},{"@type":["Person","Organization"],"@id":"https:\/\/www.wachterkriszti.hu\/#\/schema\/person\/d94e72fdc9219942194ff84cc7ca2b96","name":"Krisztina W\u00e4chter","image":{"@type":"ImageObject","inLanguage":"de","@id":"https:\/\/www.wachterkriszti.hu\/wp-content\/uploads\/2022\/05\/cropped-cropped-logo_fekvo_1.png","url":"https:\/\/www.wachterkriszti.hu\/wp-content\/uploads\/2022\/05\/cropped-cropped-logo_fekvo_1.png","contentUrl":"https:\/\/www.wachterkriszti.hu\/wp-content\/uploads\/2022\/05\/cropped-cropped-logo_fekvo_1.png","width":512,"height":512,"caption":"W\u00e4chter Krisztina"},"logo":{"@id":"https:\/\/www.wachterkriszti.hu\/wp-content\/uploads\/2022\/05\/cropped-cropped-logo_fekvo_1.png"}}]}},"_links":{"self":[{"href":"https:\/\/www.wachterkriszti.hu\/de\/wp-json\/wp\/v2\/pages\/2459","targetHints":{"allow":["GET"]}}],"collection":[{"href":"https:\/\/www.wachterkriszti.hu\/de\/wp-json\/wp\/v2\/pages"}],"about":[{"href":"https:\/\/www.wachterkriszti.hu\/de\/wp-json\/wp\/v2\/types\/page"}],"author":[{"embeddable":true,"href":"https:\/\/www.wachterkriszti.hu\/de\/wp-json\/wp\/v2\/users\/2"}],"replies":[{"embeddable":true,"href":"https:\/\/www.wachterkriszti.hu\/de\/wp-json\/wp\/v2\/comments?post=2459"}],"version-history":[{"count":53,"href":"https:\/\/www.wachterkriszti.hu\/de\/wp-json\/wp\/v2\/pages\/2459\/revisions"}],"predecessor-version":[{"id":2821,"href":"https:\/\/www.wachterkriszti.hu\/de\/wp-json\/wp\/v2\/pages\/2459\/revisions\/2821"}],"wp:attachment":[{"href":"https:\/\/www.wachterkriszti.hu\/de\/wp-json\/wp\/v2\/media?parent=2459"}],"curies":[{"name":"wp","href":"https:\/\/api.w.org\/{rel}","templated":true}]}}